{"id":235,"date":"2013-01-17T14:08:10","date_gmt":"2013-01-17T14:08:10","guid":{"rendered":"http:\/\/wp1117171.wp153.webpack.hosteurope.de\/thinksbtf\/thinking\/?page_id=235"},"modified":"2013-02-22T09:39:13","modified_gmt":"2013-02-22T08:39:13","slug":"ruckkehr-zur-qualitat","status":"publish","type":"page","link":"https:\/\/thinking.holistic-net.de\/?page_id=235&lang=de","title":{"rendered":"R\u00fcckkehr zur Qualit\u00e4t!"},"content":{"rendered":"<div>\n<p>Populismus und Werbema\u00dfnahmen an und unter der G\u00fcrtellinie feiern Hochkonjunktur. \u201eGeiz ist geil!\u201c, \u201eWir rei\u00dfen uns den A&#8230; auf\u201c. Die kulturellen H\u00f6henfl\u00fcge der K\u00f6lner Kreativschmieden sind nahezu unersch\u00f6pflich. Ist das eine Entwicklung unter dem Einfluss der gesamtwirtschaftlichen Situation? Oder stehen solche Werbespr\u00fcche f\u00fcr das neue Niveau des 21. Jahrhunderts?<\/p>\n<p><img loading=\"lazy\" decoding=\"async\" alt=\"2_2003\" src=\"http:\/\/wp1117171.wp112.webpack.hosteurope.de\/thinksbtf\/thinking\/wp-content\/uploads\/2013\/01\/2_2003.jpg\" width=\"571\" height=\"76\" \/><\/p>\n<p>Das feine Gesp\u00fcr mancher Werbestrategen f\u00fcr die Grundbed\u00fcrfnisse der Menschen ist jedenfalls ph\u00e4nomenal. Sogar Politiker und Medien \u00fcbernehmen die plumpesten Spr\u00fcche tagt\u00e4glich und wiederholen sie gebetsm\u00fchlenartig. Wie ahnen diese genialen Mitmenschen es nur, was sich im Gehirn des Konsumenten abspielt? Ich warte auf den Tag, an dem die Kassiererin beim MediaMarkt oben ohne dasitzt. Auch das d\u00fcrfte sich umsatzsteigernd auswirken \u2013 zumindest bei M\u00e4nnern. Die Welt f\u00fcr 19,99 \u20ac. Ich wette, \u201ebillig\u201c wird Wort des Jahres 2003. Die Gehirne sind abgeschaltet. Die wenigsten scheinen sich Gedanken dar\u00fcber zu machen, welche Leistung f\u00fcr 19,99 \u20ac realistisch angeboten werden kann. Hauptsache \u201eSchottische Wochen\u201c allerorten \u2013 wie einfallsreich.<\/p>\n<p>Die IT-Branche ist gl\u00fccklicherweise noch z\u00f6gerlich. Aber wie lange dauert es noch, bis IBM mit der Frau mit den drei Br\u00fcsten f\u00fcr Server wirbt? Wann bietet Microsoft endlich Consulting f\u00fcr 19,99 \u20ac an? Ich danke beiden Unternehmen, dass sie bis jetzt die Nerven behalten haben.<\/p>\n<p>Wir werden uns aber dem Zeitgeist nicht dauerhaft widersetzen k\u00f6nnen. Mein Unternehmen hat sich deshalb zu einem ersten Schritt durchgerungen: Wir bieten Dienstleistung zum Tagessatz von 19,99* Euro an.<\/p>\n<p>Zurzeit \u00fcberlegen wir, durch welche Kostend\u00e4mpfungsma\u00dfnahmen wir auch mit 19,99 \u20ac pro Tag kostendeckend arbeiten k\u00f6nnen. Eine M\u00f6glichkeit ist, dass wir f\u00fcr diesen Preis nur handschriftliche Ideenskizzen an einer Litfa\u00dfs\u00e4ule in Hannover bieten. Bereits f\u00fcr 29,99 \u20ac h\u00e4ngen die Skizzen im \u00fcberdachten Fahrradschuppen an der Pinnwand. F\u00fcr 39,99 \u20ac schicken wir die Skizzen unseren Kunden sogar zu. Unsere telefonische Erreichbarkeit ist in diesen Sonderangeboten leider nicht enthalten. Ebenso keine Gew\u00e4hrleistung. Daf\u00fcr haben sicher alle Verst\u00e4ndnis.<\/p>\n<p>Aus Respekt vor unseren weiblichen Mitarbeitern und Kunden sind mir im Blick auf weitere \u201ekreative\u201c Marketingideen die H\u00e4nde gebunden. Was stellen wir nur an, wenn alle kulturellen Bastionen gest\u00fcrmt, alle Preise auf Null gesetzt, wenn alle Kartell\u00e4mter geschlossen und s\u00e4mtliche Gesetze, die die freie Marktwirtschaft behindern, abgeschafft sind? Zur\u00fcck zum Naturzustand der Menschen? Thomas Hobbes hat bereits im 17. Jahrhundert die These entwickelt, dass dies \u201eKrieg eines jeden gegen jeden\u201c bedeuten w\u00fcrde.<\/p>\n<p>Nat\u00fcrlich m\u00f6chte niemand mehr Geld ausgeben als n\u00f6tig. Trotzdem darf und kann deshalb nicht alles billig oder gar umsonst sein. Produkte und Dienstleistungen m\u00fcssen entsprechend ihrer Qualit\u00e4t honoriert werden. Nur so haben beide Seiten langfristig etwas vonein\u00adander, nur so funktionieren Gesch\u00e4fte. R\u00fcckkehr zum fairen \u201eTausch\u201c: angemessene Qualit\u00e4t gegen angemessene Bezahlung.<\/p>\n<p>Mit Optimismus und Lebensfreude sehe ich der n\u00e4chsten Glosse entgegen. Dann ist auch wieder Fr\u00fchling, und bis dahin habe ich die Sonne Floridas genossen. Sonne soll ja helfen.<\/p>\n<p>(*Das Sonderpreis-Kontingent f\u00fcr 2003 ist leider schon vergriffen.)<\/p>\n<p style=\"text-align: right;\"><a href=\"http:\/\/wp1117171.wp112.webpack.hosteurope.de\/thinksbtf\/thinking\/?page_id=241\" rel=\"attachment wp-att-759\"><img loading=\"lazy\" decoding=\"async\" alt=\"Glosse_Pfeil\" src=\"http:\/\/wp1117171.wp112.webpack.hosteurope.de\/thinksbtf\/thinking\/wp-content\/uploads\/2013\/01\/Glosse_Pfeil1.jpg\" width=\"129\" height=\"17\" \/><\/a><\/p>\n<\/div>\n","protected":false},"excerpt":{"rendered":"<p>Populismus und Werbema\u00dfnahmen an und unter der G\u00fcrtellinie feiern Hochkonjunktur. \u201eGeiz ist geil!\u201c, \u201eWir rei\u00dfen uns den A&#8230; auf\u201c. Die kulturellen H\u00f6henfl\u00fcge der K\u00f6lner Kreativschmieden sind nahezu unersch\u00f6pflich. Ist das eine Entwicklung unter dem Einfluss der gesamtwirtschaftlichen Situation? Oder stehen &hellip; <a href=\"https:\/\/thinking.holistic-net.de\/?page_id=235&#038;lang=de\">Weiterlesen <span class=\"meta-nav\">&rarr;<\/span><\/a><\/p>\n","protected":false},"author":7,"featured_media":0,"parent":118,"menu_order":0,"comment_status":"open","ping_status":"open","template":"","meta":{"footnotes":""},"class_list":["post-235","page","type-page","status-publish","hentry"],"_links":{"self":[{"href":"https:\/\/thinking.holistic-net.de\/index.php?rest_route=\/wp\/v2\/pages\/235","targetHints":{"allow":["GET"]}}],"collection":[{"href":"https:\/\/thinking.holistic-net.de\/index.php?rest_route=\/wp\/v2\/pages"}],"about":[{"href":"https:\/\/thinking.holistic-net.de\/index.php?rest_route=\/wp\/v2\/types\/page"}],"author":[{"embeddable":true,"href":"https:\/\/thinking.holistic-net.de\/index.php?rest_route=\/wp\/v2\/users\/7"}],"replies":[{"embeddable":true,"href":"https:\/\/thinking.holistic-net.de\/index.php?rest_route=%2Fwp%2Fv2%2Fcomments&post=235"}],"version-history":[{"count":3,"href":"https:\/\/thinking.holistic-net.de\/index.php?rest_route=\/wp\/v2\/pages\/235\/revisions"}],"predecessor-version":[{"id":766,"href":"https:\/\/thinking.holistic-net.de\/index.php?rest_route=\/wp\/v2\/pages\/235\/revisions\/766"}],"up":[{"embeddable":true,"href":"https:\/\/thinking.holistic-net.de\/index.php?rest_route=\/wp\/v2\/pages\/118"}],"wp:attachment":[{"href":"https:\/\/thinking.holistic-net.de\/index.php?rest_route=%2Fwp%2Fv2%2Fmedia&parent=235"}],"curies":[{"name":"wp","href":"https:\/\/api.w.org\/{rel}","templated":true}]}}